{"id":18,"date":"2023-04-13T18:10:29","date_gmt":"2023-04-13T16:10:29","guid":{"rendered":"https:\/\/fiestasdeabanilla.com\/?page_id=18"},"modified":"2023-04-18T10:55:37","modified_gmt":"2023-04-18T08:55:37","slug":"fiestas-abanilla","status":"publish","type":"page","link":"https:\/\/fiestasdeabanilla.com\/","title":{"rendered":"FIESTAS EN HONOR A LA SANTA CRUZ, MOROS Y CRISTIANOS  &#8211; ABANILLA 2023"},"content":{"rendered":"\t\t<div data-elementor-type=\"wp-post\" data-elementor-id=\"18\" class=\"elementor elementor-18\">\n\t\t\t\t\t\t<section class=\"elementor-section elementor-top-section elementor-element elementor-element-7595d0b elementor-section-boxed elementor-section-height-default elementor-section-height-default\" data-id=\"7595d0b\" data-element_type=\"section\" data-e-type=\"section\">\n\t\t\t\t\t\t<div class=\"elementor-container elementor-column-gap-default\">\n\t\t\t\t\t<div class=\"elementor-column elementor-col-100 elementor-top-column elementor-element elementor-element-1e93a0d2\" data-id=\"1e93a0d2\" data-element_type=\"column\" data-e-type=\"column\">\n\t\t\t<div class=\"elementor-widget-wrap elementor-element-populated\">\n\t\t\t\t\t\t<div class=\"elementor-element elementor-element-bac9449 elementor-widget elementor-widget-text-editor\" data-id=\"bac9449\" data-element_type=\"widget\" data-e-type=\"widget\" data-widget_type=\"text-editor.default\">\n\t\t\t\t<div class=\"elementor-widget-container\">\n\t\t\t\t\t\t\t\t\t<h2 style=\"text-align: center;\"><img fetchpriority=\"high\" decoding=\"async\" class=\"aligncenter wp-image-23 size-large\" style=\"color: var( --e-global-color-text ); font-family: var( --e-global-typography-text-font-family ), Sans-serif; font-weight: var( --e-global-typography-text-font-weight ); font-size: 1rem;\" src=\"https:\/\/fiestasdeabanilla.com\/wp-content\/uploads\/2023\/04\/Cartel-de-Fiestas-de-Abanilla-2023-CBaja-1-731x1024.jpg\" alt=\"\" width=\"731\" height=\"1024\" srcset=\"https:\/\/fiestasdeabanilla.com\/wp-content\/uploads\/2023\/04\/Cartel-de-Fiestas-de-Abanilla-2023-CBaja-1-731x1024.jpg 731w, https:\/\/fiestasdeabanilla.com\/wp-content\/uploads\/2023\/04\/Cartel-de-Fiestas-de-Abanilla-2023-CBaja-1-214x300.jpg 214w, https:\/\/fiestasdeabanilla.com\/wp-content\/uploads\/2023\/04\/Cartel-de-Fiestas-de-Abanilla-2023-CBaja-1-768x1076.jpg 768w, https:\/\/fiestasdeabanilla.com\/wp-content\/uploads\/2023\/04\/Cartel-de-Fiestas-de-Abanilla-2023-CBaja-1-1096x1536.jpg 1096w, https:\/\/fiestasdeabanilla.com\/wp-content\/uploads\/2023\/04\/Cartel-de-Fiestas-de-Abanilla-2023-CBaja-1.jpg 1142w\" sizes=\"(max-width: 731px) 100vw, 731px\" \/><\/h2><p><img decoding=\"async\" class=\"alignnone size-medium wp-image-72 aligncenter\" src=\"https:\/\/fiestasdeabanilla.com\/wp-content\/uploads\/2023\/04\/Logo50Aniversario-300x279.png\" alt=\"\" width=\"300\" height=\"279\" srcset=\"https:\/\/fiestasdeabanilla.com\/wp-content\/uploads\/2023\/04\/Logo50Aniversario-300x279.png 300w, https:\/\/fiestasdeabanilla.com\/wp-content\/uploads\/2023\/04\/Logo50Aniversario.png 717w\" sizes=\"(max-width: 300px) 100vw, 300px\" \/><\/p><p style=\"text-align: center;\"><span style=\"font-weight: bolder; color: #000000; text-align: center;\">50 Aniversario de la Recuperaci\u00f3n de las Fiestas de Moros y Cristianos\u00a0 1973 &#8211; 2023<\/span><\/p><p style=\"text-align: center;\"><span style=\"font-weight: bolder; color: #000000; text-align: center;\">\u00a0<\/span><\/p><h2><span style=\"color: #000000;\"><strong><u>DOMINGO 19 DE MARZO<\/u><\/strong><\/span><\/h2><p><strong style=\"color: #000000; font-family: var( --e-global-typography-text-font-family ), Sans-serif; font-size: 1rem;\">11.00 h:<\/strong> <strong style=\"color: #000000; font-family: var( --e-global-typography-text-font-family ), Sans-serif; font-size: 1rem;\">Visita teatralizada \u201cAbanilla, historia y leyenda\u201d<\/strong><span style=\"color: #000000; font-family: var( --e-global-typography-text-font-family ), Sans-serif; font-weight: var( --e-global-typography-text-font-weight ); font-size: 1rem;\">, organizada por la Concejal\u00eda de Turismo, con terminaci\u00f3n en el edificio de la Encomienda, donde se proceder\u00e1 a la <\/span><strong style=\"color: #000000; font-family: var( --e-global-typography-text-font-family ), Sans-serif; font-size: 1rem;\">inauguraci\u00f3n del Museo temporal con motivo del 50 Aniversario de la Recuperaci\u00f3n de las Fiestas de Moros y Cristianos<\/strong><span style=\"color: #000000; font-family: var( --e-global-typography-text-font-family ), Sans-serif; font-weight: var( --e-global-typography-text-font-weight ); font-size: 1rem;\"> a las 12.00 h. (Horario del Museo Temporal- hasta el 7 de mayo: S\u00e1bados de 18.00 a 20.00 horas y domingos de 11.30 a 13.30 horas).<\/span><\/p><p><span style=\"color: #000000;\"><strong>17.00 h: Asamblea General Ordinaria <\/strong>de la <strong>Hermandad de la Sant\u00edsima\u00a0 Cruz<\/strong> y a continuaci\u00f3n <strong>subasta de los t\u00edtulos.<\/strong><\/span><\/p><h2><span style=\"color: #000000;\"><strong><u>S\u00c1BADO 1 DE ABRIL<\/u><\/strong><\/span><\/h2><p><span style=\"color: #000000;\"><strong>20:30 h:<\/strong> <strong>Presentaci\u00f3n Homenaje<\/strong> al <strong>cartel de Fiestas de 1973<\/strong> en el Sal\u00f3n de Actos de la Encomienda. Acto abierto al p\u00fablico en general.<\/span><\/p><p><span style=\"color: #000000;\">\u00a0<\/span><\/p><figure id=\"attachment_22\" aria-describedby=\"caption-attachment-22\" style=\"width: 220px\" class=\"wp-caption alignleft\"><img decoding=\"async\" class=\"wp-image-22 size-medium\" src=\"https:\/\/fiestasdeabanilla.com\/wp-content\/uploads\/2023\/04\/cartel-CON-FONDO-220x300.jpg\" alt=\"\" width=\"220\" height=\"300\" srcset=\"https:\/\/fiestasdeabanilla.com\/wp-content\/uploads\/2023\/04\/cartel-CON-FONDO-220x300.jpg 220w, https:\/\/fiestasdeabanilla.com\/wp-content\/uploads\/2023\/04\/cartel-CON-FONDO-750x1024.jpg 750w, https:\/\/fiestasdeabanilla.com\/wp-content\/uploads\/2023\/04\/cartel-CON-FONDO-768x1049.jpg 768w, https:\/\/fiestasdeabanilla.com\/wp-content\/uploads\/2023\/04\/cartel-CON-FONDO-1125x1536.jpg 1125w, https:\/\/fiestasdeabanilla.com\/wp-content\/uploads\/2023\/04\/cartel-CON-FONDO-1499x2048.jpg 1499w, https:\/\/fiestasdeabanilla.com\/wp-content\/uploads\/2023\/04\/cartel-CON-FONDO.jpg 1861w\" sizes=\"(max-width: 220px) 100vw, 220px\" \/><figcaption id=\"caption-attachment-22\" class=\"wp-caption-text\">\u00c1ngel Esteve Ruiz.<\/figcaption><\/figure><figure id=\"attachment_24\" aria-describedby=\"caption-attachment-24\" style=\"width: 214px\" class=\"wp-caption alignright\"><img loading=\"lazy\" decoding=\"async\" class=\"wp-image-24 size-medium\" src=\"https:\/\/fiestasdeabanilla.com\/wp-content\/uploads\/2023\/04\/cartel-fiestas-REMASTERIZADO-1973-2023-214x300.jpg\" alt=\"\" width=\"214\" height=\"300\" srcset=\"https:\/\/fiestasdeabanilla.com\/wp-content\/uploads\/2023\/04\/cartel-fiestas-REMASTERIZADO-1973-2023-214x300.jpg 214w, https:\/\/fiestasdeabanilla.com\/wp-content\/uploads\/2023\/04\/cartel-fiestas-REMASTERIZADO-1973-2023-731x1024.jpg 731w, https:\/\/fiestasdeabanilla.com\/wp-content\/uploads\/2023\/04\/cartel-fiestas-REMASTERIZADO-1973-2023-768x1075.jpg 768w, https:\/\/fiestasdeabanilla.com\/wp-content\/uploads\/2023\/04\/cartel-fiestas-REMASTERIZADO-1973-2023-1097x1536.jpg 1097w, https:\/\/fiestasdeabanilla.com\/wp-content\/uploads\/2023\/04\/cartel-fiestas-REMASTERIZADO-1973-2023-1463x2048.jpg 1463w, https:\/\/fiestasdeabanilla.com\/wp-content\/uploads\/2023\/04\/cartel-fiestas-REMASTERIZADO-1973-2023-scaled.jpg 1829w\" sizes=\"(max-width: 214px) 100vw, 214px\" \/><figcaption id=\"caption-attachment-24\" class=\"wp-caption-text\">\u00c1ngel y Carlos Esteve.<\/figcaption><\/figure><div>\u00a0<\/div><h2>\u00a0<\/h2><h2>\u00a0<\/h2><h2>\u00a0<\/h2><h2>\u00a0<\/h2><h2>\u00a0<\/h2><h2>\u00a0<\/h2><h2><span style=\"color: #000000;\"><u>S\u00c1BADO 15 DE ABRIL<\/u><\/span><\/h2><p><span style=\"color: #000000;\"><strong>12.00 h: <\/strong><strong>Elecci\u00f3n,<\/strong> por parte del Jurado designado, de los dibujos ganadores del <strong>XXVIII Concurso Escolar de Dibujo Fiestas de la Santa Cruz- Moros y Cristianos. <\/strong><\/span><\/p><p><span style=\"color: #000000;\"><strong>20.15 h: Concentraci\u00f3n de Bandas de M\u00fasica<\/strong>, en el cruce entre las carreteras de Avda. Regi\u00f3n de Murcia y Ctra. de Orihuela.<br \/><\/span><\/p><p><span style=\"color: #000000;\"><strong>20.30 h: Recogida<\/strong> en la <strong>plaza de la Constituci\u00f3n (Ayuntamiento)<\/strong> de los diferentes cargos festeros y autoridades.<br \/><\/span><\/p><p><span style=\"color: #000000;\"><strong>20.45 h: X Festival de Bandas de M\u00fasica \u201cVilla de Abanilla\u201d<\/strong>, en el <strong>Auditorio Municipal de Abanilla<\/strong>, dedicado al <strong>50 Aniversario de la Recuperaci\u00f3n de las Fiestas de Moros y Cristianos<\/strong>. Organiza: Uni\u00f3n Musical \u201cSanta Cruz\u201d, Hermandad de la Sant\u00edsima Cruz, Federaci\u00f3n de Moros y Cristianos \u201cSanta Cruz\u201d y Ayuntamiento de Abanilla.<\/span><\/p><p><span style=\"color: #000000;\"><br \/><\/span><span style=\"color: #000000;\">A lo largo del Festival, se llevar\u00e1 a cabo la <strong>presentaci\u00f3n<\/strong> del <strong>cup\u00f3n<\/strong> de la <strong>ONCE<\/strong> realizado con motivo del <strong>50 Aniversario de la Recuperaci\u00f3n de las Fiestas de Moros y Cristianos<\/strong>, a sortear el d\u00eda <strong>1\u00ba de mayo de 2023<\/strong>.<\/span><\/p>\t\t\t\t\t\t\t\t<\/div>\n\t\t\t\t<\/div>\n\t\t\t\t<div class=\"elementor-element elementor-element-4a6602d elementor-widget elementor-widget-text-editor\" data-id=\"4a6602d\" data-element_type=\"widget\" data-e-type=\"widget\" data-widget_type=\"text-editor.default\">\n\t\t\t\t<div class=\"elementor-widget-container\">\n\t\t\t\t\t\t\t\t\t<h2><span style=\"color: #000000;\"><u>VIERNES <\/u><u>21<\/u><u> DE ABRIL<\/u><\/span><\/h2><p><span style=\"color: #000000;\"><strong>21.00 h: XXXIX Preg\u00f3n de Fiestas y Coronaci\u00f3n de las Reinas Cristiana y Mora 2023, <\/strong>en el <strong>pabell\u00f3n de deportes \u201cPascual Saur\u00edn Cutillas\u201d.<\/strong> El acto ser\u00e1 presentado por <strong>Catherine Mart\u00ednez Mart\u00ednez y \u00c1ngel Blasco Lozano<\/strong> y amenizado por el <strong>Ballet \u201cAl\u2019Zulum\u201d y Ballet \u201cJaima\u201d<\/strong><strong>. <\/strong>Tras la entrada de las <strong>reinas moras <\/strong>y<strong> cristianas 2022<\/strong> y<strong> 2023<\/strong> se proceder\u00e1 a la Coronaci\u00f3n de las Reinas 2023: <strong>Reina Cristiana <\/strong>a<strong> Delfina Rivera Carracedo <\/strong>de la<strong> Mesnada Caballeros y Damas de Calatrava <\/strong>y <strong>Reina Mora<\/strong> a<strong> Eugenia Ram\u00edrez Rocamora<\/strong> de la <strong>K\u00e1bila Al\u2019Jarea de Al-Margen, <\/strong>que tomar\u00e1n el testigo de las reinas del <strong>a\u00f1o 2022:<\/strong><strong>Melania Mart\u00ednez Est\u00e1n <\/strong>de la<strong> Mesnada Almog\u00e1vares <\/strong>y<strong> Mar\u00eda Guardiola Sebasti\u00e1n<\/strong> de la<strong> K\u00e1bila Albayad\u2019 Allah<\/strong>. A continuaci\u00f3n<strong>, <\/strong>el<strong> alcalde del Excmo. Ayuntamiento de Abanilla,<\/strong><strong>Jos\u00e9 Antonio Blasco Mart\u00ednez,<\/strong><\/span><span style=\"color: #000000;\">les impondr\u00e1 las bandas que lucir\u00e1n las nuevas reinas durante las fiestas y pronunciar\u00e1 el discurso de apertura oficial de las mismas. <\/span><\/p><p><span style=\"color: #000000;\">Al concluir, <strong>el concejal de Fiestas<\/strong>, <strong>Manuel\u00a0<\/strong><\/span><strong style=\"color: #000000;\"><img loading=\"lazy\" decoding=\"async\" class=\"alignright wp-image-25\" src=\"https:\/\/fiestasdeabanilla.com\/wp-content\/uploads\/2023\/04\/Chencho-Arias-150x150.jpg\" alt=\"\" width=\"200\" height=\"165\" srcset=\"https:\/\/fiestasdeabanilla.com\/wp-content\/uploads\/2023\/04\/Chencho-Arias-300x248.jpg 300w, https:\/\/fiestasdeabanilla.com\/wp-content\/uploads\/2023\/04\/Chencho-Arias-1024x846.jpg 1024w, https:\/\/fiestasdeabanilla.com\/wp-content\/uploads\/2023\/04\/Chencho-Arias-768x635.jpg 768w, https:\/\/fiestasdeabanilla.com\/wp-content\/uploads\/2023\/04\/Chencho-Arias-1536x1269.jpg 1536w, https:\/\/fiestasdeabanilla.com\/wp-content\/uploads\/2023\/04\/Chencho-Arias.jpg 1600w\" sizes=\"(max-width: 200px) 100vw, 200px\" \/><\/strong><span style=\"color: #000000;\"><strong>Carlos Cutillas Est\u00e1n<\/strong>, presentar\u00e1 al pregonero de las Fiestas patronales, <\/span><span style=\"color: #000000;\">para continuar con el Preg\u00f3n de Fiestas a cargo del diplom\u00e1tico espa\u00f1ol <strong>Inocencio F\u00e9lix Arias Llamas, \u201cChencho Arias\u201d.<\/strong><\/span><\/p><div>\u00a0<\/div><div>\u00a0<\/div><div>\u00a0<\/div><div>\u00a0<\/div><div>\u00a0<\/div><div>\u00a0<\/div><div>\u00a0<\/div><div>\u00a0<\/div>\t\t\t\t\t\t\t\t<\/div>\n\t\t\t\t<\/div>\n\t\t\t\t<div class=\"elementor-element elementor-element-6d9f39d elementor-widget elementor-widget-text-editor\" data-id=\"6d9f39d\" data-element_type=\"widget\" data-e-type=\"widget\" data-widget_type=\"text-editor.default\">\n\t\t\t\t<div class=\"elementor-widget-container\">\n\t\t\t\t\t\t\t\t\t<figure id=\"attachment_26\" aria-describedby=\"caption-attachment-26\" style=\"width: 200px\" class=\"wp-caption alignleft\"><img loading=\"lazy\" decoding=\"async\" class=\"wp-image-26 size-medium\" src=\"https:\/\/fiestasdeabanilla.com\/wp-content\/uploads\/2023\/04\/Delfina-Rivera-Carracedo-Reina-Cristiana-2023-200x300.jpg\" alt=\"\" width=\"200\" height=\"300\" srcset=\"https:\/\/fiestasdeabanilla.com\/wp-content\/uploads\/2023\/04\/Delfina-Rivera-Carracedo-Reina-Cristiana-2023-200x300.jpg 200w, https:\/\/fiestasdeabanilla.com\/wp-content\/uploads\/2023\/04\/Delfina-Rivera-Carracedo-Reina-Cristiana-2023-683x1024.jpg 683w, https:\/\/fiestasdeabanilla.com\/wp-content\/uploads\/2023\/04\/Delfina-Rivera-Carracedo-Reina-Cristiana-2023-768x1152.jpg 768w, https:\/\/fiestasdeabanilla.com\/wp-content\/uploads\/2023\/04\/Delfina-Rivera-Carracedo-Reina-Cristiana-2023-1024x1536.jpg 1024w, https:\/\/fiestasdeabanilla.com\/wp-content\/uploads\/2023\/04\/Delfina-Rivera-Carracedo-Reina-Cristiana-2023-1365x2048.jpg 1365w, https:\/\/fiestasdeabanilla.com\/wp-content\/uploads\/2023\/04\/Delfina-Rivera-Carracedo-Reina-Cristiana-2023-scaled.jpg 1707w\" sizes=\"(max-width: 200px) 100vw, 200px\" \/><figcaption id=\"caption-attachment-26\" class=\"wp-caption-text\">Reina Cristiana 2023. Delfina Rivera Carracedo.<\/figcaption><\/figure><figure id=\"attachment_29\" aria-describedby=\"caption-attachment-29\" style=\"width: 200px\" class=\"wp-caption alignright\"><img loading=\"lazy\" decoding=\"async\" class=\"wp-image-29 size-medium\" src=\"https:\/\/fiestasdeabanilla.com\/wp-content\/uploads\/2023\/04\/Eugenia-Ramirez-Rocamora-Reina-Mora-2023-200x300.jpg\" alt=\"\" width=\"200\" height=\"300\" srcset=\"https:\/\/fiestasdeabanilla.com\/wp-content\/uploads\/2023\/04\/Eugenia-Ramirez-Rocamora-Reina-Mora-2023-200x300.jpg 200w, https:\/\/fiestasdeabanilla.com\/wp-content\/uploads\/2023\/04\/Eugenia-Ramirez-Rocamora-Reina-Mora-2023-683x1024.jpg 683w, https:\/\/fiestasdeabanilla.com\/wp-content\/uploads\/2023\/04\/Eugenia-Ramirez-Rocamora-Reina-Mora-2023-768x1152.jpg 768w, https:\/\/fiestasdeabanilla.com\/wp-content\/uploads\/2023\/04\/Eugenia-Ramirez-Rocamora-Reina-Mora-2023-1024x1536.jpg 1024w, https:\/\/fiestasdeabanilla.com\/wp-content\/uploads\/2023\/04\/Eugenia-Ramirez-Rocamora-Reina-Mora-2023-1365x2048.jpg 1365w, https:\/\/fiestasdeabanilla.com\/wp-content\/uploads\/2023\/04\/Eugenia-Ramirez-Rocamora-Reina-Mora-2023-scaled.jpg 1707w\" sizes=\"(max-width: 200px) 100vw, 200px\" \/><figcaption id=\"caption-attachment-29\" class=\"wp-caption-text\">Reina Mora 2023. Eugenia Ram\u00edrez Rocamora.<\/figcaption><\/figure><p>\u00a0<\/p><div><p>\u00a0<\/p><p>\u00a0<\/p><p>\u00a0<\/p><p>\u00a0<\/p><p>\u00a0<\/p><p>\u00a0<\/p><p>\u00a0<\/p><p>\u00a0<\/p><p>\u00a0<\/p><p><span style=\"color: #000000;\">Posteriormente, la presidenta de la <strong>Hermandad de la Sant\u00edsima Cruz<\/strong>, <strong>Lola Mar\u00eda Ram\u00edrez Perea,<\/strong> entregar\u00e1 un detalle a los Capitanes y Pajes.<\/span><\/p><p><span style=\"color: #000000;\">Por \u00faltimo, las <strong>reci\u00e9n coronadas reinas, Delfina Rivera Carracedo <\/strong>y<strong> \u00a0Eugenia Ram\u00edrez Rocamora <\/strong>entregar\u00e1n los premios correspondientes al desfile del a\u00f1o 2022, junto con la presidenta de <strong>la Federaci\u00f3n de Moros y Cristianos \u201cSanta Cruz\u201d,<\/strong><strong>Teresa Elena Mart\u00ednez Riquelme<\/strong><strong>. <\/strong><\/span><\/p><ul><li><span style=\"color: #000000;\"><strong>Premio \u201cPascual Lozano<\/strong><strong>\u201d<\/strong><strong>al mejor acompa\u00f1amiento musical: <\/strong><strong>Uni\u00f3n Musical \u201cSan Bartolom\u00e9\u201d de Orihuela,<\/strong><strong>con la K\u00e1bila <\/strong><strong>Al\u2019Jarea de Al-Margen.<\/strong><\/span><\/li><li><span style=\"color: #000000;\"><strong>Mejor Grupo Cristiano: <\/strong>Mesnada<strong> Arqueros de Rocafull.<\/strong><\/span><\/li><li><span style=\"color: #000000;\"><strong>Mejor Grupo Moro: <\/strong>K\u00e1bilas <strong>Jaira<\/strong> y<strong> Musulmanes del Ch\u00edcamo<\/strong><\/span><\/li><li><span style=\"color: #000000;\"><strong>Mejor Grupo infantil: <\/strong>Mesnada <strong>D. Jaime I el Conquistador.<\/strong><\/span><\/li><li><span style=\"color: #000000;\"><strong>Mejor Cabo Cristiano Femenino:<\/strong><strong> Lourdes Rocamora Garc\u00eda<\/strong>, de la Mesnada <strong>Arqueros de Rocafull.<\/strong><\/span><\/li><li><span style=\"color: #000000;\"><strong>Mejor Cabo Cristiano Masculino: Jos\u00e9 Perea Ruiz,<\/strong> de la Mesnada <strong>Mud\u00e9jares de Zurca.<\/strong><\/span><\/li><li><span style=\"color: #000000;\"><strong>Mejor Cabo Moro Femenino: <\/strong><strong>Herminia Mi\u00f1ano Blasco<\/strong>, de la K\u00e1bila <strong>Jaira<\/strong>.<\/span><\/li><li><span style=\"color: #000000;\"><strong>Mejor Cabo Moro Masculino: Ram\u00f3n Rocamora Marco<\/strong>, de la K\u00e1bila <strong>Jaira.<\/strong><\/span><\/li><li><span style=\"color: #000000;\"><strong>Mejor Traje Festero del Bando Cristiano \u201cVer\u00f3nica Lajara Mart\u00ednez\u201d: <\/strong>Mesnadas <strong>Huestes de Alfonso X <\/strong>y<strong> Arqueros de Rocafull.<\/strong><\/span><\/li><li><span style=\"color: #000000;\"><strong>Mejor Traje Festero del Bando Moro \u201cPaquita Ram\u00edrez Rocamora\u201d<\/strong>: K\u00e1bila<strong> Abbas\u00edes de Al\u2019Padul.<\/strong><\/span><\/li><\/ul><p><span style=\"color: #000000;\">A continuaci\u00f3n, la presidenta de la Federaci\u00f3n de Asociaciones de Moros y Cristianos har\u00e1 entrega de las <strong>distinciones honor\u00edficas <\/strong>otorgadas por esta entidad<strong>: <\/strong><\/span><\/p><p><span style=\"color: #000000;\"><strong>&#8211; Insignia de Oro:<\/strong><strong>Luis M\u00aa Rocamora Marco, <\/strong>asociado de la K\u00e1bila Jaira, entr\u00f3 en la Junta Directiva de la Federaci\u00f3n en 2014 como vocal, pasando en 2015 a ser vicepresidente y finalmente presidente <strong>desde 2017 hasta 2021<\/strong>, por lo que vivi\u00f3 en primera persona la suspensi\u00f3n de las fiestas durante los dos \u00faltimos a\u00f1os de mandato debido a la pandemia. Destacar de este periodo la potenciaci\u00f3n de la convivencia gastron\u00f3mica festera bajo las carpas as\u00ed como la Embajada, profesionalizando dicho evento.<\/span><\/p><p><span style=\"color: #000000;\"><strong>&#8211; Insignia de Plata: Manuel Escudero Rodr\u00edguez,<\/strong> empresario y modisto de Orihuela, ligado a las fiestas de Abanilla desde 1975. Colabor\u00f3 con la Federaci\u00f3n en la exposici\u00f3n de trajes realizada en 2015 y en la retransmisi\u00f3n del Desfile del a\u00f1o 2016.<\/span><\/p><p><span style=\"color: #000000;\"><strong>&#8211; Festero del A\u00f1o: <\/strong><strong>Pablo Ram\u00edrez Mart\u00ednez,<\/strong> festero implicado en su grupo, la asociaci\u00f3n K\u00e1bila Musulmanes del Ch\u00edcamo, con el que consigui\u00f3 el premio de mejor cabo moro en 2019, ha colaborado con la Federaci\u00f3n de Moros y Cristianos representando el papel de cabo moro en la Embajada en los a\u00f1os 2015, 2018, 2019 y 2022.<\/span><\/p><p><span style=\"color: #000000;\"><strong>&#8211; Asociados de Honor: <\/strong><strong>Comparsa Turcos de Sax<\/strong> y <strong>Agrupaci\u00f3n de Comparsas de Castalla,<\/strong> con motivo de la celebraci\u00f3n del 50 Aniversario de la Recuperaci\u00f3n de estas Fiestas, se les concede este t\u00edtulo por su respectiva participaci\u00f3n en los primeros desfiles de 1972 y 1973, poniendo as\u00ed la semilla para que empezara esta fiesta en Abanilla. La Agrupaci\u00f3n de Comparsas de Castalla es heredera de la Comisi\u00f3n de fiestas que en 1973 organiz\u00f3 el desplazamiento de representantes de seis de sus actuales siete comparsas, como lo son los maseros, piratas, cristianos, moros grocs, etc.<\/span><\/p><p><span style=\"color: #000000;\">Como colof\u00f3n del acto <strong>el tenor<\/strong><strong>Javier Ram\u00f3n<\/strong> con el acompa\u00f1amiento de la Agrupaci\u00f3n Musical <strong>\u201cLos Veteranos\u201d <\/strong>de Abanilla, interpretar\u00e1n \u201cAbanilla, 1 de mayo\u201d- <strong>Himno<\/strong> de la Federaci\u00f3n de Moros y Cristianos<strong>. <\/strong><\/span><\/p><p><span style=\"color: #000000;\"><strong>23.30 h:<\/strong><strong> Inauguraci\u00f3n oficial de las verbenas populares <\/strong>a cargo de las Reinas Mora y Cristiana en el<strong> Paseo de la Ermita. Verbena<\/strong> amenizada por<strong> la orquesta La Reina.<\/strong><\/span><\/p><p><span style=\"color: #000000;\"><strong>01.00 h: \u00a0Actuaciones <\/strong>en el<strong> Campamento Festero, <\/strong>m\u00fasica con <strong>Dj\u2019s locales.<\/strong><\/span><\/p><h3><span style=\"color: #000000;\"><u>DEL S\u00c1BADO 22 DE ABRIL AL DOMINGO 30 DE ABRIL- NOVENARIO <\/u><\/span><\/h3><p><span style=\"color: #000000;\"><strong>19.30 h: Exposici\u00f3n <\/strong>del relicario con el<strong> Lignum Crucis. <\/strong>Rezo al Santo Rosario y preces a la <strong>Sant\u00edsima Cruz.<\/strong> Ejercicio de la novena.<\/span><\/p><p><span style=\"color: #000000;\"><strong>20.00 h: Eucarist\u00eda <\/strong>y <strong>bendici\u00f3n. <\/strong>Canto del<strong> himno <\/strong>de la<strong> Santa Cruz.<\/strong><\/span><\/p><\/div>\t\t\t\t\t\t\t\t<\/div>\n\t\t\t\t<\/div>\n\t\t\t\t<div class=\"elementor-element elementor-element-3361e75 elementor-widget elementor-widget-text-editor\" data-id=\"3361e75\" data-element_type=\"widget\" data-e-type=\"widget\" data-widget_type=\"text-editor.default\">\n\t\t\t\t<div class=\"elementor-widget-container\">\n\t\t\t\t\t\t\t\t\t<div><h2><span style=\"color: #000000;\"><u>S\u00c1BADO<\/u><u> 2<\/u><u>2<\/u><u> DE ABRIL<\/u><\/span><\/h2><p><span style=\"color: #000000;\"><strong>21<\/strong><strong>.00 <\/strong><strong>h<\/strong><strong>: <\/strong><strong>Cena de las k\u00e1bilas y mesnadas <\/strong>en sus respectivos cuartelillos.<\/span><\/p><p><span style=\"color: #000000;\"><strong>22<\/strong><strong>.00 <\/strong><strong>h<\/strong><strong>: Actuaci\u00f3n <\/strong>en el <strong>Paseo de la Ermita <\/strong>del <strong>d\u00fao Bis a Bis<\/strong>.<\/span><\/p><p><span style=\"color: #000000;\"><strong>00.30 h: Verbena <\/strong>en el<strong> Paseo de la Ermita, <\/strong>con la <strong>orquesta Vendetta Project.<\/strong><\/span><\/p><p><img loading=\"lazy\" decoding=\"async\" class=\"alignright wp-image-89\" style=\"color: #000000;\" src=\"https:\/\/fiestasdeabanilla.com\/wp-content\/uploads\/2023\/04\/FesteroDelAno-300x200.jpg\" alt=\"\" width=\"400\" height=\"267\" srcset=\"https:\/\/fiestasdeabanilla.com\/wp-content\/uploads\/2023\/04\/FesteroDelAno-300x200.jpg 300w, https:\/\/fiestasdeabanilla.com\/wp-content\/uploads\/2023\/04\/FesteroDelAno-1024x683.jpg 1024w, https:\/\/fiestasdeabanilla.com\/wp-content\/uploads\/2023\/04\/FesteroDelAno-768x512.jpg 768w, https:\/\/fiestasdeabanilla.com\/wp-content\/uploads\/2023\/04\/FesteroDelAno-1536x1024.jpg 1536w, https:\/\/fiestasdeabanilla.com\/wp-content\/uploads\/2023\/04\/FesteroDelAno-2048x1366.jpg 2048w\" sizes=\"(max-width: 400px) 100vw, 400px\" \/><\/p><p><span style=\"color: #000000;\"><strong>0<\/strong><strong>1.<\/strong><strong>3<\/strong><strong>0 <\/strong><strong>h<\/strong><strong>: Concentraci\u00f3n de festeros<\/strong> en la <strong>Plaza de la Constituci\u00f3n<\/strong>. Tras la subida de las reinas al<\/span><span style=\"color: #000000;\">\u00a0balc\u00f3n y presentaci\u00f3n del Festero del A\u00f1o<strong>, Pablo Ram\u00edrez Mart\u00ednez<\/strong>, se proceder\u00e1 a tocar al un\u00edsono \u201c<strong>Abanilla en Fiestas\u201d<\/strong> del maestro Villar, interpretado por las <strong>bandas locales <\/strong>ubicadas en el Alto de Constantina. Al finalizar, pasacalles de los grupos con final de fiesta en el<strong> Campamento Feste<\/strong><strong>ro.<\/strong><\/span><\/p><p><span style=\"color: #000000;\"><strong>02.00 h: Actuaci\u00f3n <\/strong>en el<strong> Campamento Festero,<\/strong> con m\u00fasica <strong>DJ\u2019s.<\/strong><\/span><\/p><\/div><div><h2>\u00a0<\/h2><h2><span style=\"color: #000000;\"><u>DOMINGO <\/u><u>23<\/u><u> DE ABRIL <\/u><\/span><\/h2><p><span style=\"color: #000000;\"><strong>11.30 h: Presentaci\u00f3n de los grupos infantiles<\/strong>, con el siguiente itinerario: Plaza de la Lonja, C\/ Mayor, plaza de la Constituci\u00f3n, C\/ San Jos\u00e9, Avda. Juan Carlos I y finalizando en el <strong>Campamento Festero.<\/strong><\/span><\/p><p><span style=\"color: #000000;\"><strong>13.30 h:<\/strong> Al llegar al <strong>Campamento Festero<\/strong>, representaci\u00f3n de la <strong>Embajada Infantil Mora <\/strong>y<strong> Cristiana. Al finalizar, <\/strong>los asistentes degustar\u00e1n una <strong>paella gigante.<\/strong><\/span><\/p><p><span style=\"color: #000000;\"><strong>18.00 h (hasta las 20.00 h):<\/strong> En el <strong>Campamento Festero,<\/strong><strong>tardeo<\/strong> con m\u00fasica de los a\u00f1os 80 y 90. Tambi\u00e9n se celebrar\u00e1n <strong>juegos infantiles.<\/strong><\/span><\/p><p><img loading=\"lazy\" decoding=\"async\" class=\"aligncenter wp-image-90\" src=\"https:\/\/fiestasdeabanilla.com\/wp-content\/uploads\/2023\/04\/EMBAJADA-INFANTIL-2-300x200.jpg\" alt=\"\" width=\"400\" height=\"267\" srcset=\"https:\/\/fiestasdeabanilla.com\/wp-content\/uploads\/2023\/04\/EMBAJADA-INFANTIL-2-300x200.jpg 300w, https:\/\/fiestasdeabanilla.com\/wp-content\/uploads\/2023\/04\/EMBAJADA-INFANTIL-2-1024x683.jpg 1024w, https:\/\/fiestasdeabanilla.com\/wp-content\/uploads\/2023\/04\/EMBAJADA-INFANTIL-2-768x512.jpg 768w, https:\/\/fiestasdeabanilla.com\/wp-content\/uploads\/2023\/04\/EMBAJADA-INFANTIL-2-1536x1024.jpg 1536w, https:\/\/fiestasdeabanilla.com\/wp-content\/uploads\/2023\/04\/EMBAJADA-INFANTIL-2-2048x1366.jpg 2048w\" sizes=\"(max-width: 400px) 100vw, 400px\" \/><\/p><h2><span style=\"color: #000000;\"><u>JUEVES 27<\/u><u> DE ABRIL <\/u><\/span><\/h2><p><span style=\"color: #000000;\"><strong>17.30 h:<\/strong><strong>D\u00eda del Ni\u00f1o<\/strong> en la feria, ser\u00e1 inaugurada por las reinas cristiana y mora y autoridades locales. <strong>Las atracciones se podr\u00e1n disfrutar <\/strong>por<strong> dos tickets<\/strong> al precio de uno, <strong>se deber\u00e1n solicitar en la atracci\u00f3n que se desee.<\/strong><\/span><\/p><h2><span style=\"color: #000000;\"><u>VIERNES 28 DE ABRIL<\/u><\/span><\/h2><p><span style=\"color: #000000;\"><strong>21.00 h:<\/strong> Junto a la <strong>Plaza de la Constituci\u00f3n, Certamen de M\u00fasica<\/strong>, en homenaje a las <strong>Reinas de las Fiestas<\/strong> de la Asociaci\u00f3n y Federaci\u00f3n de Moros y Cristianos (1986-2023), interpretado por las bandas de m\u00fasica ganadoras del premio al <strong>Mejor Acompa\u00f1amiento Musical \u201cPascual Lozano\u201d<\/strong>: Las bandas locales de <strong>\u201cLos Veteranos\u201d<\/strong>, la <strong>\u201cUni\u00f3n Musical Santa Cruz\u201d<\/strong>, y la <strong>\u201cACM La Timba\u201d<\/strong>, as\u00ed como a la <strong>Asociaci\u00f3n Musical \u201cLos de la M\u00fasica\u201d<\/strong> y la<strong> Agrupaci\u00f3n Musical \u201cSantiago Ap\u00f3stol\u201d<\/strong> de <strong>Albatera<\/strong>.<\/span><\/p><p><span style=\"color: #000000;\"><strong>23.30 h: Verbena <\/strong>en el<strong> Paseo de la Ermita, <\/strong>con la<strong> orquesta Pentagrama. <\/strong><\/span><\/p><p><span style=\"color: #000000;\"><strong>01.00 h: Actuaci\u00f3n <\/strong>en el<strong> Campamento Festero,<\/strong> con m\u00fasica <strong>DJ\u2019s.<\/strong><\/span><\/p><\/div>\t\t\t\t\t\t\t\t<\/div>\n\t\t\t\t<\/div>\n\t\t\t\t<div class=\"elementor-element elementor-element-270b8f0 elementor-widget elementor-widget-text-editor\" data-id=\"270b8f0\" data-element_type=\"widget\" data-e-type=\"widget\" data-widget_type=\"text-editor.default\">\n\t\t\t\t<div class=\"elementor-widget-container\">\n\t\t\t\t\t\t\t\t\t<div>\u00a0<\/div><div><h2><span style=\"color: #000000;\"><u>S\u00c1BADO <\/u><u>29 <\/u><u>ABRIL <\/u><\/span><\/h2><p><span style=\"color: #000000;\"><strong>19.45 h: <\/strong>Recogida de Cargos Festeros, para su traslado a <strong>la Plaza Constituci\u00f3n.<\/strong><\/span><\/p><p><span style=\"color: #000000;\"><strong>20.30 h<\/strong>: Representaci\u00f3n de la <strong>Embajada Mayor en la Plaza de la Constituci\u00f3n<\/strong>. Con la colaboraci\u00f3n de la compa\u00f1\u00eda teatral <strong>\u201cLa Nena Crea\u201d y los ballets \u201cAl\u2019Zulum\u201d y \u201cActing Feel\u201d.<\/strong><\/span><\/p><p><img loading=\"lazy\" decoding=\"async\" class=\"aligncenter wp-image-9\" src=\"https:\/\/fiestasdeabanilla.com\/wp-content\/uploads\/2023\/04\/IMG_6909-1-300x200.jpg\" alt=\"\" width=\"400\" height=\"267\" srcset=\"https:\/\/fiestasdeabanilla.com\/wp-content\/uploads\/2023\/04\/IMG_6909-1-300x200.jpg 300w, https:\/\/fiestasdeabanilla.com\/wp-content\/uploads\/2023\/04\/IMG_6909-1-1024x683.jpg 1024w, https:\/\/fiestasdeabanilla.com\/wp-content\/uploads\/2023\/04\/IMG_6909-1-768x512.jpg 768w, https:\/\/fiestasdeabanilla.com\/wp-content\/uploads\/2023\/04\/IMG_6909-1-1536x1024.jpg 1536w, https:\/\/fiestasdeabanilla.com\/wp-content\/uploads\/2023\/04\/IMG_6909-1-2048x1366.jpg 2048w\" sizes=\"(max-width: 400px) 100vw, 400px\" \/><\/p><p><span style=\"color: #000000;\"><strong>23.30 h:<\/strong><strong>Verbena<\/strong> en el <strong>Paseo de la Ermita<\/strong>, con la <strong>orquesta Etiqueta Show<\/strong>.<\/span><\/p><p><span style=\"color: #000000;\"><strong> 15 h: Entrada-Presentaci\u00f3n cristiana<\/strong>. Presentaci\u00f3n de <strong>cargos festeros. <\/strong>Itinerario: Plaza de la Lonja, C\/ Mayor, Plaza de la Constituci\u00f3n, C\/ San Jos\u00e9, Avda. Juan Carlos I finalizando en el campamento festero.<\/span><\/p><p><span style=\"color: #000000;\"><strong>01.00 h: Actuaci\u00f3n <\/strong>en el<strong> Campamento Festero,<\/strong> con m\u00fasica <strong>DJ\u2019s.<\/strong><\/span><\/p><h2><span style=\"color: #000000;\"><u>DOMINGO <\/u><u>30 <\/u><u>ABRIL <\/u><\/span><\/h2><p><span style=\"color: #000000;\"><strong>00.15 h<\/strong>: <strong>Entrada-Presentaci\u00f3n mora<\/strong>. Presentaci\u00f3n de cargos festeros. Itinerario: Plaza de la Lonja, C\/ Mayor, Plaza de la Constituci\u00f3n, C\/ San Jos\u00e9, Avda. Juan Carlos I y Campamento festero.<\/span><\/p><p><span style=\"color: #000000;\"><strong>23.30 h: Verbena<\/strong> en el <strong>Paseo de la Ermita<\/strong>, con la <strong>orquesta Cristal<\/strong>.<\/span><\/p><p><span style=\"color: #000000;\"><strong>01.30 h: Actuaci\u00f3n <\/strong>en el<strong> Campamento Festero,<\/strong> con m\u00fasica <strong>DJ\u2019s.<\/strong><\/span><\/p><h1>\u00a0<\/h1><h2><span style=\"color: #000000;\"><u>LUNES <\/u><u>1<\/u><u> DE <\/u><u>MAYO<\/u><\/span><\/h2><p><span style=\"color: #000000;\"><strong>10.00 h: Misa<\/strong> en la Parroquia de <strong>San Jos\u00e9.<\/strong><\/span><\/p><p><span style=\"color: #000000;\"><strong>18<\/strong><strong>.<\/strong><strong>30 h<\/strong><strong>: <\/strong>Una <strong>t<\/strong><strong>raca a\u00e9rea<\/strong> anunciar\u00e1 el <strong>inicio <\/strong>del<strong> Gran Desfile Parada de K\u00e1bilas y Mesnadas<\/strong>. Llevar\u00e1 el siguiente orden comenzando con el bander\u00edn de la Federaci\u00f3n de Moros y Cristianos \u201cSanta Cruz\u201d de Abanilla que preceder\u00e1 a un boato especial preparado por el 50 Aniversario:<\/span><\/p><p><span style=\"color: #000000;\"><strong>BANDO CRISTIANO:<\/strong> Ballet \u201cJaima\u201d, escuadra invitada de Sax, Caballeros del Temple, D. Jaime I el Conquistador, Arqueros de Rocafull, Lanceros de Avellaneda, Cruzados de Cuyalbe, Huestes de Alfonso X, Almog\u00e1vares, Caballeros del Cid, Caballeros y Damas de Calatrava (REINA CRISTIANA Y SU BOATO), Santa Ana, Mud\u00e9jares del Zurca y Villa de Favanella.<\/span><\/p><p><span style=\"color: #000000;\"><strong>BANDO MORO: \u00a0<\/strong>Ballet \u201cAl\u00b4Zulum,\u201d escuadra invitada de Castalla, Tuareg Al&#8217; Sahu\u00e9s, Aljama, Mulad\u00edes de Al&#8217;Banyala, Al\u2019Jarea de Al-Margen (REINA MORA Y SU BOATO) Alfaqu\u00edes de Al&#8217;Zulum, Almohades de Macitavera, Abbas\u00edes de Al\u00b4Padul, Musulmanes del Ch\u00edcamo, Jaira, Muzal\u00e9, Omeyas de Mahoya, Al\u2019Bayada y Albayad&#8217;Allah.<\/span><\/p><p><span style=\"color: #000000;\">Dichos grupos, iniciar\u00e1n el <strong>desfile<\/strong> desde la Avda. Regi\u00f3n de Murcia confluencia con la C\/ Villeurbanne, avanzando por la Avda. Regi\u00f3n de Murcia, C\/Francisco Salzillo, Plaza de la Constituci\u00f3n, C\/Mayor, Plaza de la Lonja y C\/ Canalejas donde terminar\u00e1.<\/span><\/p><p><span style=\"color: #000000;\">Finalizado el desfile, los diferentes grupos moros y cristianos abrir\u00e1n las puertas de sus<strong> cuartelillos<\/strong> para todas las gentes del lugar y for\u00e1neas que nos hayan honrado con su visita, haciendo as\u00ed eco de la amabilidad y hospitalidad que nos caracteriza.<\/span><\/p><p><span style=\"color: #000000;\"><strong>*(El Desfile ser\u00e1 retrasmitido en directo por 7RM.)<\/strong><\/span><\/p><p><em><span style=\"color: #000000;\"><strong><u>NOTA DE SEGURIDAD RECOGIDA EN EL PLAN DE EMERGENCIA MUNICIPAL:<\/u><\/strong><\/span><\/em><\/p><p><em><span style=\"color: #000000;\">\u00a0\u201cEstar\u00e1 prohibido estacionar temporalmente, para no obstaculizar las v\u00edas, el d\u00eda del Desfile de Moros y Cristianos, desde las 11.00 horas hasta la finalizaci\u00f3n, siendo \u00e9sta, aproximadamente, a las 00.00 horas. Queda totalmente prohibida la instalaci\u00f3n, en los cruces de las calles del itinerario y en las v\u00edas de evacuaci\u00f3n, de cualquier tipo de objeto no relacionado con la seguridad, ya sean personas (de pie o sentadas), de veh\u00edculos que no sean de emergencias y que puedan impedir la evacuaci\u00f3n de personas o maniobrabilidad en caso de evacuaci\u00f3n de veh\u00edculos o carrozas participantes en el desfile, as\u00ed como el acceso, a dichas v\u00edas, de personal y\/o veh\u00edculos de emergencia.\u201d<\/span><\/em><\/p><p><span style=\"color: #000000;\"><strong>23.00 h:<\/strong>\u00a0En el <strong>Paseo de la Ermita<\/strong>, <strong>verbena<\/strong> con la <strong>orquesta Shadow.<\/strong><\/span><\/p><\/div><p><img loading=\"lazy\" decoding=\"async\" class=\"aligncenter wp-image-36\" src=\"https:\/\/fiestasdeabanilla.com\/wp-content\/uploads\/2023\/04\/IMG_7248-300x200.jpg\" alt=\"\" width=\"400\" height=\"267\" srcset=\"https:\/\/fiestasdeabanilla.com\/wp-content\/uploads\/2023\/04\/IMG_7248-300x200.jpg 300w, https:\/\/fiestasdeabanilla.com\/wp-content\/uploads\/2023\/04\/IMG_7248-1024x683.jpg 1024w, https:\/\/fiestasdeabanilla.com\/wp-content\/uploads\/2023\/04\/IMG_7248-768x512.jpg 768w, https:\/\/fiestasdeabanilla.com\/wp-content\/uploads\/2023\/04\/IMG_7248-1536x1024.jpg 1536w, https:\/\/fiestasdeabanilla.com\/wp-content\/uploads\/2023\/04\/IMG_7248-2048x1366.jpg 2048w\" sizes=\"(max-width: 400px) 100vw, 400px\" \/><\/p><div><p style=\"text-align: center;\">\u00a0<\/p><\/div>\t\t\t\t\t\t\t\t<\/div>\n\t\t\t\t<\/div>\n\t\t\t\t<div class=\"elementor-element elementor-element-316da6b elementor-widget elementor-widget-text-editor\" data-id=\"316da6b\" data-element_type=\"widget\" data-e-type=\"widget\" data-widget_type=\"text-editor.default\">\n\t\t\t\t<div class=\"elementor-widget-container\">\n\t\t\t\t\t\t\t\t\t<div>\u00a0<\/div><div>\u00a0<\/div><div><h2><span style=\"color: #000000;\"><u>MARTES 2 DE MAYO<\/u><\/span><\/h2><p><span style=\"color: #000000;\"><strong>16.00 h: Pasacalles con tambor, <\/strong>acompa\u00f1ando a los <strong>Sargentos<\/strong> y anunciando la fiesta.<\/span><\/p><p><span style=\"color: #000000;\"><strong>17.00 h: Recogida y traslado a la plaza de la Constituci\u00f3n <\/strong>de los Cargos festeros de la Federaci\u00f3n de Moros y Cristianos acompa\u00f1ados por <strong>la Banda Titular de La Uni\u00f3n Musical \u201cSanta Cruz\u201d.<\/strong><\/span><\/p><p><span style=\"color: #000000;\"><strong>17.30 h: Actuaci\u00f3n <\/strong>de los <strong>Coros y Danzas \u201cSant\u00edsima Cruz\u201d<\/strong> de Abanilla en la <strong>plaza de la Constituci\u00f3n. <\/strong><\/span><\/p><p><span style=\"color: #000000;\"><strong>18.00 h: Solemne Ofrenda Floral <\/strong>a la<strong> Sant\u00edsima<\/strong><strong> Cruz,<\/strong> inici\u00e1ndose el recorrido desde la <strong>Plaza de la Constituci\u00f3n<\/strong> y con la participaci\u00f3n del pueblo en general, grupos Moros y Cristianos con sus Reinas, acompa\u00f1ados de sus respectivas bandas de m\u00fasica; Coros y Danzas, Federaci\u00f3n de Moros y Cristianos, Capitanes, Pajes, Hermandad de la Sant\u00edsima Cruz y Ayuntamiento, con el acompa\u00f1amiento musical de la <strong>Agrupaci\u00f3n Musical \u201cLos Veteranos<\/strong>\u201d<strong>. <\/strong>Tras la llegada a la iglesia de San Jos\u00e9 y la Ofrenda Floral, se proceder\u00e1 a la <strong>Bendici\u00f3n<\/strong><strong> e Imposici\u00f3n de Bandas e Insignias<\/strong> as\u00ed como la entrega de <strong>Pergaminos<\/strong> a los Capitanes. La presidenta de la Hermandad de la Sant\u00edsima Cruz, <strong>Lola M\u00aa Ram\u00edrez Perea<\/strong> nombrar\u00e1 <strong>Capitana <\/strong>a <strong>Mar\u00eda Remedios Marco<\/strong><strong>Salar <\/strong>y <strong>Capit\u00e1n<\/strong> a <strong>Francisco Salar Rocamora<\/strong> y a sus Pajes, los ni\u00f1os <strong>Manuel L\u00f3pez Tenza <\/strong>y <strong>Diego Riquelme Mateo.<\/strong><\/span><\/p><figure id=\"attachment_20\" aria-describedby=\"caption-attachment-20\" style=\"width: 240px\" class=\"wp-caption alignleft\"><img loading=\"lazy\" decoding=\"async\" class=\"wp-image-20 size-medium\" src=\"https:\/\/fiestasdeabanilla.com\/wp-content\/uploads\/2023\/04\/MARIA-REMEDIOS-MARCO-SALAR-240x300.jpg\" alt=\"\" width=\"240\" height=\"300\" srcset=\"https:\/\/fiestasdeabanilla.com\/wp-content\/uploads\/2023\/04\/MARIA-REMEDIOS-MARCO-SALAR-240x300.jpg 240w, https:\/\/fiestasdeabanilla.com\/wp-content\/uploads\/2023\/04\/MARIA-REMEDIOS-MARCO-SALAR-819x1024.jpg 819w, https:\/\/fiestasdeabanilla.com\/wp-content\/uploads\/2023\/04\/MARIA-REMEDIOS-MARCO-SALAR-768x960.jpg 768w, https:\/\/fiestasdeabanilla.com\/wp-content\/uploads\/2023\/04\/MARIA-REMEDIOS-MARCO-SALAR-1229x1536.jpg 1229w, https:\/\/fiestasdeabanilla.com\/wp-content\/uploads\/2023\/04\/MARIA-REMEDIOS-MARCO-SALAR-1638x2048.jpg 1638w, https:\/\/fiestasdeabanilla.com\/wp-content\/uploads\/2023\/04\/MARIA-REMEDIOS-MARCO-SALAR-scaled.jpg 2048w\" sizes=\"(max-width: 240px) 100vw, 240px\" \/><figcaption id=\"caption-attachment-20\" class=\"wp-caption-text\">Capitana de la Santa Cruz. Mar\u00eda Remedios Marco Salar.<\/figcaption><\/figure><figure id=\"attachment_38\" aria-describedby=\"caption-attachment-38\" style=\"width: 200px\" class=\"wp-caption alignright\"><img loading=\"lazy\" decoding=\"async\" class=\"wp-image-38\" src=\"https:\/\/fiestasdeabanilla.com\/wp-content\/uploads\/2023\/04\/MANUEL-LOPEZ-TENZA-paje-de-la-capitana-con-Maria-Remedios-240x300.jpg\" alt=\"\" width=\"200\" height=\"250\" srcset=\"https:\/\/fiestasdeabanilla.com\/wp-content\/uploads\/2023\/04\/MANUEL-LOPEZ-TENZA-paje-de-la-capitana-con-Maria-Remedios-240x300.jpg 240w, https:\/\/fiestasdeabanilla.com\/wp-content\/uploads\/2023\/04\/MANUEL-LOPEZ-TENZA-paje-de-la-capitana-con-Maria-Remedios-819x1024.jpg 819w, https:\/\/fiestasdeabanilla.com\/wp-content\/uploads\/2023\/04\/MANUEL-LOPEZ-TENZA-paje-de-la-capitana-con-Maria-Remedios-768x960.jpg 768w, https:\/\/fiestasdeabanilla.com\/wp-content\/uploads\/2023\/04\/MANUEL-LOPEZ-TENZA-paje-de-la-capitana-con-Maria-Remedios-1229x1536.jpg 1229w, https:\/\/fiestasdeabanilla.com\/wp-content\/uploads\/2023\/04\/MANUEL-LOPEZ-TENZA-paje-de-la-capitana-con-Maria-Remedios-1638x2048.jpg 1638w, https:\/\/fiestasdeabanilla.com\/wp-content\/uploads\/2023\/04\/MANUEL-LOPEZ-TENZA-paje-de-la-capitana-con-Maria-Remedios-scaled.jpg 2048w\" sizes=\"(max-width: 200px) 100vw, 200px\" \/><figcaption id=\"caption-attachment-38\" class=\"wp-caption-text\">Paje de la Capitana. Manuel L\u00f3pez Tenza.<\/figcaption><\/figure><\/div><div><p>\u00a0<\/p><p>\u00a0<\/p><p>\u00a0<\/p><p>\u00a0<\/p><p>\u00a0<\/p><p>\u00a0<\/p><p>\u00a0<\/p><p>\u00a0<\/p><p style=\"text-align: center;\">\u00a0<\/p><\/div>\t\t\t\t\t\t\t\t<\/div>\n\t\t\t\t<\/div>\n\t\t\t\t<div class=\"elementor-element elementor-element-e47d82e elementor-widget elementor-widget-text-editor\" data-id=\"e47d82e\" data-element_type=\"widget\" data-e-type=\"widget\" data-widget_type=\"text-editor.default\">\n\t\t\t\t<div class=\"elementor-widget-container\">\n\t\t\t\t\t\t\t\t\t<div><figure id=\"attachment_33\" aria-describedby=\"caption-attachment-33\" style=\"width: 240px\" class=\"wp-caption alignleft\"><img loading=\"lazy\" decoding=\"async\" class=\"wp-image-33 size-medium\" src=\"https:\/\/fiestasdeabanilla.com\/wp-content\/uploads\/2023\/04\/FRANCISCO-SALAR-ROCAMORA-240x300.jpg\" alt=\"\" width=\"240\" height=\"300\" srcset=\"https:\/\/fiestasdeabanilla.com\/wp-content\/uploads\/2023\/04\/FRANCISCO-SALAR-ROCAMORA-240x300.jpg 240w, https:\/\/fiestasdeabanilla.com\/wp-content\/uploads\/2023\/04\/FRANCISCO-SALAR-ROCAMORA-819x1024.jpg 819w, https:\/\/fiestasdeabanilla.com\/wp-content\/uploads\/2023\/04\/FRANCISCO-SALAR-ROCAMORA-768x960.jpg 768w, https:\/\/fiestasdeabanilla.com\/wp-content\/uploads\/2023\/04\/FRANCISCO-SALAR-ROCAMORA-1229x1536.jpg 1229w, https:\/\/fiestasdeabanilla.com\/wp-content\/uploads\/2023\/04\/FRANCISCO-SALAR-ROCAMORA-1638x2048.jpg 1638w, https:\/\/fiestasdeabanilla.com\/wp-content\/uploads\/2023\/04\/FRANCISCO-SALAR-ROCAMORA-scaled.jpg 2048w\" sizes=\"(max-width: 240px) 100vw, 240px\" \/><figcaption id=\"caption-attachment-33\" class=\"wp-caption-text\">Capit\u00e1n de la Santa Cruz. Francisco Salar Rocamora.<\/figcaption><\/figure><figure id=\"attachment_27\" aria-describedby=\"caption-attachment-27\" style=\"width: 200px\" class=\"wp-caption alignright\"><img loading=\"lazy\" decoding=\"async\" class=\"wp-image-27\" src=\"https:\/\/fiestasdeabanilla.com\/wp-content\/uploads\/2023\/04\/DIEGO-RIQUELME-MATEO-con-francisco-002-240x300.jpg\" alt=\"\" width=\"200\" height=\"250\" srcset=\"https:\/\/fiestasdeabanilla.com\/wp-content\/uploads\/2023\/04\/DIEGO-RIQUELME-MATEO-con-francisco-002-240x300.jpg 240w, https:\/\/fiestasdeabanilla.com\/wp-content\/uploads\/2023\/04\/DIEGO-RIQUELME-MATEO-con-francisco-002-819x1024.jpg 819w, https:\/\/fiestasdeabanilla.com\/wp-content\/uploads\/2023\/04\/DIEGO-RIQUELME-MATEO-con-francisco-002-768x960.jpg 768w, https:\/\/fiestasdeabanilla.com\/wp-content\/uploads\/2023\/04\/DIEGO-RIQUELME-MATEO-con-francisco-002-1229x1536.jpg 1229w, https:\/\/fiestasdeabanilla.com\/wp-content\/uploads\/2023\/04\/DIEGO-RIQUELME-MATEO-con-francisco-002-1638x2048.jpg 1638w, https:\/\/fiestasdeabanilla.com\/wp-content\/uploads\/2023\/04\/DIEGO-RIQUELME-MATEO-con-francisco-002-scaled.jpg 2048w\" sizes=\"(max-width: 200px) 100vw, 200px\" \/><figcaption id=\"caption-attachment-27\" class=\"wp-caption-text\">Paje del Capit\u00e1n. Diego Riquelme Mateo.<\/figcaption><\/figure><\/div><div><p>\u00a0<\/p><p>\u00a0<\/p><p>\u00a0<\/p><p>\u00a0<\/p><p>\u00a0<\/p><p>\u00a0<\/p><p>\u00a0<\/p><p>\u00a0<\/p><p>\u00a0<\/p><p>\u00a0<\/p><p><span style=\"color: #000000;\">Adem\u00e1s, se entregar\u00e1n los t\u00edtulos otorgados el 19 de marzo en la Asamblea General de la Hermandad de la Sant\u00edsima Cruz:<\/span><\/p><p><span style=\"color: #000000;\">Llevar el cetro<strong>: Mar\u00eda Salar Ram\u00edrez.<\/strong><\/span><\/p><p><span style=\"color: #000000;\">Poner y quitar los tornillos del trono: <strong>Mar\u00eda Dolores Lozano Lozano.<\/strong><\/span><\/p><p><span style=\"color: #000000;\">Poner y quitar bast\u00f3n de mando:<strong> Francisca Mart\u00ednez Tovar.<\/strong><\/span><\/p><p><span style=\"color: #000000;\">Tirar de la cinta de la granada:<strong> Antonio Mu\u00f1oz L\u00f3pez.<\/strong><\/span><\/p><p><span style=\"color: #000000;\">Portar vara delantera derecha<strong>:<\/strong><strong>Jos\u00e9 Antonio Salar Rocamora.<\/strong><\/span><\/p><p><span style=\"color: #000000;\">Portar vara delantera central: <strong>Jos\u00e9 Miguel Gaona Marco.<\/strong><\/span><\/p><p><span style=\"color: #000000;\">Portar vara delantera izquierda: <strong>Antonio Salar Ram\u00edrez.<\/strong><\/span><\/p><p><span style=\"color: #000000;\">Portar vara trasera derecha: <strong>Brian Perea Cases.<\/strong><\/span><\/p><p><span style=\"color: #000000;\">Portar vara trasera central: <strong>Nicol\u00e1s Ram\u00edrez Riquelme.<\/strong><\/span><\/p><p><span style=\"color: #000000;\">Portar vara trasera izquierda: <strong>Jos\u00e9 Ram\u00edrez Riquelme.<\/strong><\/span><\/p><p><span style=\"color: #000000;\">Tirar los morteretes: <strong>Jes\u00fas de la Cruz Tovar Mart\u00ednez.<\/strong><\/span><\/p><p><span style=\"color: #000000;\">Trono Cruz Triunfante del Viernes Santo:<strong> Silvia Tenza Sebasti\u00e1n.<\/strong><\/span><\/p><p><span style=\"color: #000000;\">La Hermandad de la Sant\u00edsima Cruz har\u00e1 entrega de unos <strong>detalles\/reconocimientos<\/strong> a <strong>Eugenio Marco Trist\u00e1n (E. Marco) <\/strong>y a <strong>Juan Manuel San Nicol\u00e1s S\u00e1nchez,<\/strong> por la colaboraci\u00f3n prestada a la entidad.<\/span><\/p><p><span style=\"color: #000000;\">Al t\u00e9rmino, <strong>rodaje de bandera<\/strong> (Plaza de la Constituci\u00f3n y Paseo de la Ermita).<\/span><\/p><p><span style=\"color: #000000;\"><strong>23.00 h: <\/strong>En el <strong>Paseo de la Ermita<\/strong>, <strong>verbena<\/strong> amenizada por <strong>la orquesta Ilivannya.<\/strong><\/span><\/p><h2><span style=\"color: #000000;\"><u>MI\u00c9RCOLES 3 DE MAYO<\/u><strong><u><img loading=\"lazy\" decoding=\"async\" class=\"alignright wp-image-94\" src=\"https:\/\/fiestasdeabanilla.com\/wp-content\/uploads\/2023\/04\/Cruz-200x300.jpg\" alt=\"\" width=\"233\" height=\"350\" srcset=\"https:\/\/fiestasdeabanilla.com\/wp-content\/uploads\/2023\/04\/Cruz-200x300.jpg 200w, https:\/\/fiestasdeabanilla.com\/wp-content\/uploads\/2023\/04\/Cruz-683x1024.jpg 683w, https:\/\/fiestasdeabanilla.com\/wp-content\/uploads\/2023\/04\/Cruz-768x1152.jpg 768w, https:\/\/fiestasdeabanilla.com\/wp-content\/uploads\/2023\/04\/Cruz-1024x1536.jpg 1024w, https:\/\/fiestasdeabanilla.com\/wp-content\/uploads\/2023\/04\/Cruz-1366x2048.jpg 1366w, https:\/\/fiestasdeabanilla.com\/wp-content\/uploads\/2023\/04\/Cruz.jpg 1667w\" sizes=\"(max-width: 233px) 100vw, 233px\" \/><\/u><\/strong><\/span><\/h2><p><span style=\"color: #000000;\"><strong>05.00 h: <\/strong><strong>Pasacalles con tambor, <\/strong>acompa\u00f1ando a los <strong>Sargentos<\/strong> y <strong>anunciando la fiesta<\/strong>.<\/span><\/p><p><span style=\"color: #000000;\"><strong>06.00 h:<\/strong><strong>Diana floreada <\/strong>a cargo<strong> de la Agrupaci\u00f3n Musical \u201cLos Veteranos\u201d<\/strong> y posterior <strong>recogida de Pajes <\/strong>y<strong> Capitanes<\/strong> para acompa\u00f1arlos a la iglesia.<\/span><\/p><p><span style=\"color: #000000;\"><strong>07.30 h: Solemne<\/strong><strong>Misa<\/strong> en la iglesia de San Jos\u00e9. Tras la liturgia, dar\u00e1 comienzo la <strong>Romer\u00eda<\/strong><strong> con la Patrona <\/strong>hasta su<strong> ermita de Mahoya<\/strong>. La <strong>apertura de la granada<\/strong> con las palomas de la paz ser\u00e1 efectuada por el ni\u00f1o <strong>Antonio Mu\u00f1oz L\u00f3pez.<\/strong><\/span><\/p><\/div>\t\t\t\t\t\t\t\t<\/div>\n\t\t\t\t<\/div>\n\t\t\t\t<div class=\"elementor-element elementor-element-55459db elementor-widget elementor-widget-text-editor\" data-id=\"55459db\" data-element_type=\"widget\" data-e-type=\"widget\" data-widget_type=\"text-editor.default\">\n\t\t\t\t<div class=\"elementor-widget-container\">\n\t\t\t\t\t\t\t\t\t<div>\u00a0<\/div><div><p><span style=\"color: #000000;\">Finalizada la misma, se celebrar\u00e1 la <\/span><strong style=\"color: #000000;\">misa<\/strong><span style=\"color: #000000;\"> y <\/span><strong style=\"color: #000000;\">la Sant\u00edsima<\/strong><strong style=\"color: #000000;\"> Cruz<\/strong><span style=\"color: #000000;\"> quedar\u00e1<\/span><strong style=\"color: #000000;\"> expuesta hasta la hora de regreso.<\/strong><\/p><\/div><div><p><img loading=\"lazy\" decoding=\"async\" class=\"aligncenter wp-image-95\" src=\"https:\/\/fiestasdeabanilla.com\/wp-content\/uploads\/2023\/04\/bandera-300x199.jpg\" alt=\"\" width=\"400\" height=\"266\" srcset=\"https:\/\/fiestasdeabanilla.com\/wp-content\/uploads\/2023\/04\/bandera-300x199.jpg 300w, https:\/\/fiestasdeabanilla.com\/wp-content\/uploads\/2023\/04\/bandera-1024x680.jpg 1024w, https:\/\/fiestasdeabanilla.com\/wp-content\/uploads\/2023\/04\/bandera-768x510.jpg 768w, https:\/\/fiestasdeabanilla.com\/wp-content\/uploads\/2023\/04\/bandera-1536x1020.jpg 1536w, https:\/\/fiestasdeabanilla.com\/wp-content\/uploads\/2023\/04\/bandera-2048x1360.jpg 2048w\" sizes=\"(max-width: 400px) 100vw, 400px\" \/><\/p><p><span style=\"color: #000000;\">NOTA: Se ruega a las personas participantes en la Romer\u00eda (arcabuceros, componentes de los carros, y romeros en general) respeten los protocolos establecidos por la tradici\u00f3n, atendiendo las recomendaciones de la Junta Directiva de la Hermandad de la Sant\u00edsima Cruz o personal autorizado por la misma.<\/span><\/p><p><span style=\"color: #000000;\"><strong>23.00 h: <\/strong>En el <strong>Paseo de <\/strong><strong>la Ermita<\/strong>, <strong>verbena <\/strong>amenizada por la <strong>orquest<\/strong><strong>a Shakara.<\/strong><\/span><\/p><h2><span style=\"color: #000000;\"><u>VIERNES 5 DE MAYO<\/u><\/span><\/h2><p><span style=\"color: #000000;\"><strong>23.30 h: <\/strong>En el <strong>Paseo de la Ermita<\/strong>, <strong>verbena <\/strong>amenizada por la <strong>orquesta The Luxe.<\/strong><\/span><\/p><p><span style=\"color: #000000;\"><strong>01.00 h: Actuaci\u00f3n <\/strong>en el<strong> Campamento Festero,<\/strong> con m\u00fasica <strong>DJ\u2019s.<\/strong><\/span><\/p><h2><span style=\"color: #000000;\"><u>S\u00c1BADO 6 DE MAYO<\/u><\/span><\/h2><p><span style=\"color: #000000;\"><strong>10.00 h: <\/strong><strong>Pasacalles con tambor, <\/strong>acompa\u00f1ando a los <strong>Sargentos y anunciando la fiesta<\/strong> y recogida de los cargos festeros.<\/span><\/p><p><span style=\"color: #000000;\"><strong>11.<\/strong><strong>30 h:<\/strong> Recogida de autoridades en la <strong>Plaza de la Constituci\u00f3n. <\/strong><\/span><\/p><p><span style=\"color: #000000;\"><strong>12.00 h: Solemne misa de los Capitanes. <\/strong>A su t\u00e9rmino, los Capitanes y sus Pajes, acompa\u00f1ados por la <strong>Banda Titular Uni\u00f3n Musical \u201cSanta Cruz\u201d <\/strong>efectuar\u00e1n el tradicional <strong>rodaje de bandera<\/strong> (plaza del Ayuntamiento y Paseo de la Ermita), <strong>salvas <\/strong>de rigor y <strong>saludo<\/strong> de los <strong>Pajes.<\/strong><\/span><\/p><p><img loading=\"lazy\" decoding=\"async\" class=\"aligncenter wp-image-28\" src=\"https:\/\/fiestasdeabanilla.com\/wp-content\/uploads\/2023\/04\/DSC_4086-300x199.jpg\" alt=\"\" width=\"400\" height=\"266\" srcset=\"https:\/\/fiestasdeabanilla.com\/wp-content\/uploads\/2023\/04\/DSC_4086-300x199.jpg 300w, https:\/\/fiestasdeabanilla.com\/wp-content\/uploads\/2023\/04\/DSC_4086-1024x680.jpg 1024w, https:\/\/fiestasdeabanilla.com\/wp-content\/uploads\/2023\/04\/DSC_4086-768x510.jpg 768w, https:\/\/fiestasdeabanilla.com\/wp-content\/uploads\/2023\/04\/DSC_4086-1536x1020.jpg 1536w, https:\/\/fiestasdeabanilla.com\/wp-content\/uploads\/2023\/04\/DSC_4086-2048x1360.jpg 2048w\" sizes=\"(max-width: 400px) 100vw, 400px\" \/><\/p><p><span style=\"color: #000000;\"><strong>20.00 h: Misa <\/strong>en la Parroquia de San Jos\u00e9.<\/span><\/p><p><span style=\"color: #000000;\"><strong>23.30 h:<\/strong>\u00a0 En el Paseo de la Ermita, verbena amenizada por <strong>orquesta Hawaii<\/strong>.<\/span><\/p><p><span style=\"color: #000000;\"><strong>01.00 h: Actuaci\u00f3n especial FIN DE FIESTAS <\/strong>en el<strong> Campamento Festero,<\/strong> con m\u00fasica <strong>DJ\u2019s.<\/strong><\/span><\/p><p><span style=\"color: #000000;\"><strong>01.30 h:<\/strong> En el <strong>Paseo de la Ermita<\/strong> se podr\u00e1 disfrutar del <strong>castillo de fuegos artificiales.<\/strong><\/span><\/p><h2><span style=\"color: #000000;\"><u>DOMINGO 7 DE MAYO<\/u><\/span><\/h2><p><span style=\"color: #000000;\"><strong>12.00 h: Misa <\/strong>en la parroquia de San Jos\u00e9. A continuaci\u00f3n, <strong>traslado <\/strong>de la <strong>Santa Cruz, <\/strong>bajo palio,<strong> hasta el Sagrado Coraz\u00f3n de Jes\u00fas <\/strong>y<strong> bendici\u00f3n de los campos. <\/strong><\/span><\/p><p><span style=\"color: #000000;\"><strong>16.00 h: <\/strong><strong>Pasacalles <\/strong>con<strong> tambor, <\/strong>acompa\u00f1ando a los Sargentos y anunciando la fiesta.<\/span><\/p><p><span style=\"color: #000000;\"><strong>17.30 h:<\/strong><strong>Misa <\/strong>y<strong> procesi\u00f3n de la Octava. Con el acompa\u00f1amiento musical de la Banda Titular de la Uni\u00f3n Musical \u201cSanta Cruz\u201d.<\/strong> Al t\u00e9rmino de la procesi\u00f3n y tras genuflexi\u00f3n ante la Cruz, disparo de<strong> fuegos<\/strong><strong>artificiales<\/strong>. El espect\u00e1culo pirot\u00e9cnico podr\u00e1 ser contemplado en la <strong>plaza de la Constituci\u00f3n<\/strong>.<\/span><\/p><p><img loading=\"lazy\" decoding=\"async\" class=\"aligncenter wp-image-97\" src=\"https:\/\/fiestasdeabanilla.com\/wp-content\/uploads\/2023\/04\/VitorCapitanes-300x200.jpg\" alt=\"\" width=\"400\" height=\"267\" srcset=\"https:\/\/fiestasdeabanilla.com\/wp-content\/uploads\/2023\/04\/VitorCapitanes-300x200.jpg 300w, https:\/\/fiestasdeabanilla.com\/wp-content\/uploads\/2023\/04\/VitorCapitanes-1024x683.jpg 1024w, https:\/\/fiestasdeabanilla.com\/wp-content\/uploads\/2023\/04\/VitorCapitanes-768x512.jpg 768w, https:\/\/fiestasdeabanilla.com\/wp-content\/uploads\/2023\/04\/VitorCapitanes-1536x1024.jpg 1536w, https:\/\/fiestasdeabanilla.com\/wp-content\/uploads\/2023\/04\/VitorCapitanes-2048x1366.jpg 2048w\" sizes=\"(max-width: 400px) 100vw, 400px\" \/><\/p><p><span style=\"color: #000000;\">Como <strong>colof\u00f3n <\/strong>y<strong> cierre de las Fiestas Patronales 2023<\/strong>, los Capitanes realizar\u00e1n el tradicional <strong>V\u00cdTOR<\/strong> por las calles de la localidad, <strong>hasta las 00.00 horas. <\/strong><\/span><\/p><\/div>\t\t\t\t\t\t\t\t<\/div>\n\t\t\t\t<\/div>\n\t\t\t\t<div class=\"elementor-element elementor-element-f2c82bb elementor-widget elementor-widget-text-editor\" data-id=\"f2c82bb\" data-element_type=\"widget\" data-e-type=\"widget\" data-widget_type=\"text-editor.default\">\n\t\t\t\t<div class=\"elementor-widget-container\">\n\t\t\t\t\t\t\t\t\t<div><p style=\"text-align: center;\"><span style=\"color: #000000;\"><strong><u>*Viernes 12 y s\u00e1bado 13 de mayo: Visita de la Santa Cruz a las personas enfermas.<\/u><\/strong><\/span><\/p><p style=\"text-align: center;\"><span style=\"color: #000000;\">* Los organizadores de las fiestas se reservan el derecho a cambiar alguno de los actos programados si fuese necesario. Esperamos que esta programaci\u00f3n sea del gusto de todos.<\/span><\/p><p style=\"text-align: center;\"><span style=\"color: #000000;\"><strong>WEB CON INFORMACI\u00d3N: <\/strong><\/span><\/p><p style=\"text-align: center;\"><span style=\"color: #000000;\"><a style=\"color: #000000;\" href=\"http:\/\/www.abanilla.es\" target=\"_blank\" rel=\"noopener\">www.abanilla.es<\/a><\/span><\/p><p style=\"text-align: center;\"><a href=\"https:\/\/morosycristianosabanilla.org\/\" target=\"_blank\" rel=\"noopener\"><span style=\"color: #000000;\">https:\/\/morosycristianosabanilla.org\/<\/span><\/a><\/p><p style=\"text-align: center;\"><a href=\"https:\/\/santacruzabanilla.es\/\" target=\"_blank\" rel=\"noopener\"><span style=\"color: #000000;\">https:\/\/santacruzabanilla.es\/<\/span><\/a><\/p><\/div>\t\t\t\t\t\t\t\t<\/div>\n\t\t\t\t<\/div>\n\t\t\t\t\t<\/div>\n\t\t<\/div>\n\t\t\t\t\t<\/div>\n\t\t<\/section>\n\t\t<div class=\"elementor-element elementor-element-3b2a543 e-flex e-con-boxed e-con e-parent\" data-id=\"3b2a543\" data-element_type=\"container\" data-e-type=\"container\">\n\t\t\t\t\t<div class=\"e-con-inner\">\n\t\t<div class=\"elementor-element elementor-element-ded7308 e-con-full e-flex e-con e-child\" data-id=\"ded7308\" data-element_type=\"container\" data-e-type=\"container\">\n\t\t\t\t<div class=\"elementor-element elementor-element-8a62620 elementor-button-info elementor-align-center elementor-widget elementor-widget-button\" data-id=\"8a62620\" data-element_type=\"widget\" data-e-type=\"widget\" data-widget_type=\"button.default\">\n\t\t\t\t<div class=\"elementor-widget-container\">\n\t\t\t\t\t\t\t\t\t<div class=\"elementor-button-wrapper\">\n\t\t\t\t\t<a class=\"elementor-button elementor-button-link elementor-size-md\" href=\"https:\/\/fiestasdeabanilla.com\/wp-content\/uploads\/2023\/04\/Folleto-de-mano-espanol-en-libro-para-redesballet-Jaima.pdf\" target=\"_blank\">\n\t\t\t\t\t\t<span class=\"elementor-button-content-wrapper\">\n\t\t\t\t\t\t\t\t\t<span class=\"elementor-button-text\">DESCARGA AQU\u00cd TU FOLLETO<\/span>\n\t\t\t\t\t<\/span>\n\t\t\t\t\t<\/a>\n\t\t\t\t<\/div>\n\t\t\t\t\t\t\t\t<\/div>\n\t\t\t\t<\/div>\n\t\t\t\t<\/div>\n\t\t<div class=\"elementor-element elementor-element-8f0af6d e-con-full e-flex e-con e-child\" data-id=\"8f0af6d\" data-element_type=\"container\" data-e-type=\"container\">\n\t\t\t\t<div class=\"elementor-element elementor-element-cc55b50 elementor-button-info elementor-align-center elementor-widget elementor-widget-button\" data-id=\"cc55b50\" data-element_type=\"widget\" data-e-type=\"widget\" data-widget_type=\"button.default\">\n\t\t\t\t<div class=\"elementor-widget-container\">\n\t\t\t\t\t\t\t\t\t<div class=\"elementor-button-wrapper\">\n\t\t\t\t\t<a class=\"elementor-button elementor-button-link elementor-size-md\" href=\"https:\/\/fiestasdeabanilla.com\/wp-content\/uploads\/2023\/04\/Folleto-de-mano-ingles-costa-Calida.pdf\" target=\"_blank\">\n\t\t\t\t\t\t<span class=\"elementor-button-content-wrapper\">\n\t\t\t\t\t\t\t\t\t<span class=\"elementor-button-text\">DOWNLOAD YOUR BROCHURE HERE<\/span>\n\t\t\t\t\t<\/span>\n\t\t\t\t\t<\/a>\n\t\t\t\t<\/div>\n\t\t\t\t\t\t\t\t<\/div>\n\t\t\t\t<\/div>\n\t\t\t\t<\/div>\n\t\t\t\t\t<\/div>\n\t\t\t\t<\/div>\n\t\t<div class=\"elementor-element elementor-element-fb29244 e-flex e-con-boxed e-con e-parent\" data-id=\"fb29244\" data-element_type=\"container\" data-e-type=\"container\">\n\t\t\t\t\t<div class=\"e-con-inner\">\n\t\t\t\t<div class=\"elementor-element elementor-element-0472654 elementor-widget elementor-widget-image\" data-id=\"0472654\" data-element_type=\"widget\" data-e-type=\"widget\" data-widget_type=\"image.default\">\n\t\t\t\t<div class=\"elementor-widget-container\">\n\t\t\t\t\t\t\t\t\t\t\t\t\t\t\t<img decoding=\"async\" src=\"https:\/\/fiestasdeabanilla.com\/wp-content\/uploads\/elementor\/thumbs\/Pie-1080-\u00d7-100-px-qu1o86f29kytbd8edkej0hg64avlud7bmcarhqwezs.png\" title=\"Pie (1080\u00a0\u00d7\u00a0100\u00a0px)\" alt=\"Pie (1080\u00a0\u00d7\u00a0100\u00a0px)\" loading=\"lazy\" \/>\t\t\t\t\t\t\t\t\t\t\t\t\t\t\t<\/div>\n\t\t\t\t<\/div>\n\t\t\t\t\t<\/div>\n\t\t\t\t<\/div>\n\t\t\t\t<\/div>\n\t\t","protected":false},"excerpt":{"rendered":"<p>50 Aniversario de la Recuperaci\u00f3n de las Fiestas de Moros y Cristianos\u00a0 1973 &#8211; 2023 \u00a0 DOMINGO 19 DE MARZO 11.00 h: Visita teatralizada \u201cAbanilla, historia y leyenda\u201d, organizada por la Concejal\u00eda de Turismo, con terminaci\u00f3n en el edificio de la Encomienda, donde se proceder\u00e1 a la inauguraci\u00f3n del Museo temporal con motivo del 50 [&hellip;]<\/p>\n","protected":false},"author":1,"featured_media":0,"parent":0,"menu_order":0,"comment_status":"closed","ping_status":"closed","template":"","meta":{"footnotes":""},"class_list":["post-18","page","type-page","status-publish","hentry"],"_links":{"self":[{"href":"https:\/\/fiestasdeabanilla.com\/index.php?rest_route=\/wp\/v2\/pages\/18","targetHints":{"allow":["GET"]}}],"collection":[{"href":"https:\/\/fiestasdeabanilla.com\/index.php?rest_route=\/wp\/v2\/pages"}],"about":[{"href":"https:\/\/fiestasdeabanilla.com\/index.php?rest_route=\/wp\/v2\/types\/page"}],"author":[{"embeddable":true,"href":"https:\/\/fiestasdeabanilla.com\/index.php?rest_route=\/wp\/v2\/users\/1"}],"replies":[{"embeddable":true,"href":"https:\/\/fiestasdeabanilla.com\/index.php?rest_route=%2Fwp%2Fv2%2Fcomments&post=18"}],"version-history":[{"count":101,"href":"https:\/\/fiestasdeabanilla.com\/index.php?rest_route=\/wp\/v2\/pages\/18\/revisions"}],"predecessor-version":[{"id":187,"href":"https:\/\/fiestasdeabanilla.com\/index.php?rest_route=\/wp\/v2\/pages\/18\/revisions\/187"}],"wp:attachment":[{"href":"https:\/\/fiestasdeabanilla.com\/index.php?rest_route=%2Fwp%2Fv2%2Fmedia&parent=18"}],"curies":[{"name":"wp","href":"https:\/\/api.w.org\/{rel}","templated":true}]}}